{"id":1960,"date":"2025-07-17T11:12:29","date_gmt":"2025-07-17T09:12:29","guid":{"rendered":"https:\/\/vitrineshop-remorquerefrigeree.fr\/?page_id=1960"},"modified":"2025-12-15T15:49:46","modified_gmt":"2025-12-15T14:49:46","slug":"remorques-frigorifiques","status":"publish","type":"page","link":"https:\/\/vitrineshop-remorquerefrigeree.fr\/remorques-frigorifiques\/","title":{"rendered":"Remorques frigorifiques"},"content":{"rendered":"\t\t<div data-elementor-type=\"wp-page\" data-elementor-id=\"1960\" class=\"elementor elementor-1960\" data-elementor-post-type=\"page\">\n\t\t\t\t\t\t<section class=\"elementor-section elementor-top-section elementor-element elementor-element-6caa8f7a elementor-section-height-min-height elementor-section-content-middle elementor-section-stretched elementor-section-boxed elementor-section-height-default elementor-section-items-middle\" data-id=\"6caa8f7a\" data-element_type=\"section\" data-e-type=\"section\" data-settings=\"{&quot;background_background&quot;:&quot;slideshow&quot;,&quot;background_slideshow_gallery&quot;:[{&quot;id&quot;:2036,&quot;url&quot;:&quot;https:\\\/\\\/vitrineshop-remorquerefrigeree.fr\\\/wp-content\\\/uploads\\\/2025\\\/07\\\/Glacial001.webp&quot;},{&quot;id&quot;:2037,&quot;url&quot;:&quot;https:\\\/\\\/vitrineshop-remorquerefrigeree.fr\\\/wp-content\\\/uploads\\\/2025\\\/07\\\/ice-cubes-3506782_1280.webp&quot;}],&quot;background_slideshow_slide_duration&quot;:3000,&quot;background_slideshow_transition_duration&quot;:300,&quot;stretch_section&quot;:&quot;section-stretched&quot;,&quot;background_slideshow_loop&quot;:&quot;yes&quot;,&quot;background_slideshow_slide_transition&quot;:&quot;fade&quot;}\">\n\t\t\t\t\t\t\t<div class=\"elementor-background-overlay\"><\/div>\n\t\t\t\t\t\t\t<div class=\"elementor-container elementor-column-gap-default\">\n\t\t\t\t\t<div class=\"elementor-column elementor-col-100 elementor-top-column elementor-element elementor-element-771ca354\" data-id=\"771ca354\" data-element_type=\"column\" data-e-type=\"column\">\n\t\t\t<div class=\"elementor-widget-wrap elementor-element-populated\">\n\t\t\t\t\t\t\t<\/div>\n\t\t<\/div>\n\t\t\t\t\t<\/div>\n\t\t<\/section>\n\t\t\t\t<section class=\"elementor-section elementor-top-section elementor-element elementor-element-535150b2 elementor-section-content-middle elementor-section-stretched elementor-section-boxed elementor-section-height-default elementor-section-height-default\" data-id=\"535150b2\" data-element_type=\"section\" data-e-type=\"section\" data-settings=\"{&quot;stretch_section&quot;:&quot;section-stretched&quot;,&quot;background_background&quot;:&quot;classic&quot;}\">\n\t\t\t\t\t\t\t<div class=\"elementor-background-overlay\"><\/div>\n\t\t\t\t\t\t\t<div class=\"elementor-container elementor-column-gap-default\">\n\t\t\t\t\t<div class=\"elementor-column elementor-col-100 elementor-top-column elementor-element elementor-element-2118c1f2\" data-id=\"2118c1f2\" data-element_type=\"column\" data-e-type=\"column\">\n\t\t\t<div class=\"elementor-widget-wrap elementor-element-populated\">\n\t\t\t\t\t\t<div class=\"elementor-element elementor-element-e1a41c2 elementor-invisible elementor-widget elementor-widget-heading\" data-id=\"e1a41c2\" data-element_type=\"widget\" data-e-type=\"widget\" data-settings=\"{&quot;_animation&quot;:&quot;fadeInDown&quot;}\" data-widget_type=\"heading.default\">\n\t\t\t\t<div class=\"elementor-widget-container\">\n\t\t\t\t\t<h1 class=\"elementor-heading-title elementor-size-default\">Conception de <span style=\"color: #23f4e1\">remorque frigorifique<\/span><\/h1>\t\t\t\t<\/div>\n\t\t\t\t<\/div>\n\t\t\t\t<div class=\"elementor-element elementor-element-27d9a589 elementor-widget elementor-widget-text-editor\" data-id=\"27d9a589\" data-element_type=\"widget\" data-e-type=\"widget\" data-widget_type=\"text-editor.default\">\n\t\t\t\t<div class=\"elementor-widget-container\">\n\t\t\t\t\t\t\t\t\t<p>Vitrine Shop est un <b>fabricant fran\u00e7ais<\/b> de <b>remorques frigorifiques<\/b>, de toutes tailles et de toutes capacit\u00e9s. Que vous soyez restaurateur, m\u00e9tier de bouche, traiteur, transporteur sp\u00e9cialis\u00e9 ou grossiste alimentaire, nos remorques sont con\u00e7ues pour vous apporter de la <b>s\u00e9r\u00e9nit\u00e9<\/b> dans vos d\u00e9placements et votre stockage.<\/p>\t\t\t\t\t\t\t\t<\/div>\n\t\t\t\t<\/div>\n\t\t\t\t\t<\/div>\n\t\t<\/div>\n\t\t\t\t\t<\/div>\n\t\t<\/section>\n\t\t\t\t<section class=\"elementor-section elementor-top-section elementor-element elementor-element-550d5ba elementor-section-content-middle elementor-section-stretched elementor-section-boxed elementor-section-height-default elementor-section-height-default\" data-id=\"550d5ba\" data-element_type=\"section\" data-e-type=\"section\" data-settings=\"{&quot;stretch_section&quot;:&quot;section-stretched&quot;,&quot;background_background&quot;:&quot;classic&quot;}\">\n\t\t\t\t\t\t\t<div class=\"elementor-background-overlay\"><\/div>\n\t\t\t\t\t\t\t<div class=\"elementor-container elementor-column-gap-default\">\n\t\t\t\t\t<div class=\"elementor-column elementor-col-50 elementor-top-column elementor-element elementor-element-299ee9b\" data-id=\"299ee9b\" data-element_type=\"column\" data-e-type=\"column\">\n\t\t\t<div class=\"elementor-widget-wrap elementor-element-populated\">\n\t\t\t\t\t\t<section class=\"elementor-section elementor-inner-section elementor-element elementor-element-d4f2455 elementor-section-boxed elementor-section-height-default elementor-section-height-default\" data-id=\"d4f2455\" data-element_type=\"section\" data-e-type=\"section\">\n\t\t\t\t\t\t<div class=\"elementor-container elementor-column-gap-default\">\n\t\t\t\t\t<div class=\"elementor-column elementor-col-100 elementor-inner-column elementor-element elementor-element-39ecdd8\" data-id=\"39ecdd8\" data-element_type=\"column\" data-e-type=\"column\">\n\t\t\t<div class=\"elementor-widget-wrap elementor-element-populated\">\n\t\t\t\t\t\t<div class=\"elementor-element elementor-element-7682253 elementor-invisible elementor-widget elementor-widget-image\" data-id=\"7682253\" data-element_type=\"widget\" data-e-type=\"widget\" data-settings=\"{&quot;_animation&quot;:&quot;fadeInLeft&quot;}\" data-widget_type=\"image.default\">\n\t\t\t\t<div class=\"elementor-widget-container\">\n\t\t\t\t\t\t\t\t\t\t\t\t\t\t\t<img fetchpriority=\"high\" decoding=\"async\" width=\"750\" height=\"563\" src=\"https:\/\/vitrineshop-remorquerefrigeree.fr\/wp-content\/uploads\/2025\/07\/SARL-VITRINESHOP-ARNO-15-11-1024x768.jpg\" class=\"attachment-large size-large wp-image-2711\" alt=\"\" srcset=\"https:\/\/vitrineshop-remorquerefrigeree.fr\/wp-content\/uploads\/2025\/07\/SARL-VITRINESHOP-ARNO-15-11-1024x768.jpg 1024w, https:\/\/vitrineshop-remorquerefrigeree.fr\/wp-content\/uploads\/2025\/07\/SARL-VITRINESHOP-ARNO-15-11-300x225.jpg 300w, https:\/\/vitrineshop-remorquerefrigeree.fr\/wp-content\/uploads\/2025\/07\/SARL-VITRINESHOP-ARNO-15-11-768x576.jpg 768w, https:\/\/vitrineshop-remorquerefrigeree.fr\/wp-content\/uploads\/2025\/07\/SARL-VITRINESHOP-ARNO-15-11-200x150.jpg 200w, https:\/\/vitrineshop-remorquerefrigeree.fr\/wp-content\/uploads\/2025\/07\/SARL-VITRINESHOP-ARNO-15-11-230x173.jpg 230w, https:\/\/vitrineshop-remorquerefrigeree.fr\/wp-content\/uploads\/2025\/07\/SARL-VITRINESHOP-ARNO-15-11-600x450.jpg 600w, https:\/\/vitrineshop-remorquerefrigeree.fr\/wp-content\/uploads\/2025\/07\/SARL-VITRINESHOP-ARNO-15-11.jpg 1280w\" sizes=\"(max-width: 750px) 100vw, 750px\" \/>\t\t\t\t\t\t\t\t\t\t\t\t\t\t\t<\/div>\n\t\t\t\t<\/div>\n\t\t\t\t\t<\/div>\n\t\t<\/div>\n\t\t\t\t\t<\/div>\n\t\t<\/section>\n\t\t\t\t\t<\/div>\n\t\t<\/div>\n\t\t\t\t<div class=\"elementor-column elementor-col-50 elementor-top-column elementor-element elementor-element-4cf49a0\" data-id=\"4cf49a0\" data-element_type=\"column\" data-e-type=\"column\">\n\t\t\t<div class=\"elementor-widget-wrap elementor-element-populated\">\n\t\t\t\t\t\t<div class=\"elementor-element elementor-element-a409b93 elementor-invisible elementor-widget elementor-widget-heading\" data-id=\"a409b93\" data-element_type=\"widget\" data-e-type=\"widget\" data-settings=\"{&quot;_animation&quot;:&quot;fadeInDown&quot;}\" data-widget_type=\"heading.default\">\n\t\t\t\t<div class=\"elementor-widget-container\">\n\t\t\t\t\t<h2 class=\"elementor-heading-title elementor-size-default\">Des remorques frigorifiques con\u00e7ues pour une cha\u00eene du froid infaillible<\/h2>\t\t\t\t<\/div>\n\t\t\t\t<\/div>\n\t\t\t\t<div class=\"elementor-element elementor-element-5ac1256 elementor-widget elementor-widget-text-editor\" data-id=\"5ac1256\" data-element_type=\"widget\" data-e-type=\"widget\" data-widget_type=\"text-editor.default\">\n\t\t\t\t<div class=\"elementor-widget-container\">\n\t\t\t\t\t\t\t\t\t<p>Con\u00e7ues pour r\u00e9pondre aux exigences les plus strictes des normes HACCP, nos remorques offrent une isolation thermique haute densit\u00e9 (panneaux sandwich renforc\u00e9s) qui minimise les d\u00e9perditions d&rsquo;\u00e9nergie.\u00a0<\/p><p><span style=\"font-size: inherit;\">\u00c9quip\u00e9es de groupes frigorifiques puissants et fiables, elles assurent un maintien constant de la temp\u00e9rature de consigne, que ce soit en froid positif (0\u00b0C \u00e0 +10\u00b0C) pour vos produits frais, fruits et l\u00e9gumes, ou en froid n\u00e9gatif pour vos surgel\u00e9s.<\/span><\/p>\t\t\t\t\t\t\t\t<\/div>\n\t\t\t\t<\/div>\n\t\t\t\t\t<\/div>\n\t\t<\/div>\n\t\t\t\t\t<\/div>\n\t\t<\/section>\n\t\t\t\t<section class=\"elementor-section elementor-top-section elementor-element elementor-element-577133cf elementor-section-content-middle elementor-section-stretched elementor-reverse-tablet elementor-reverse-mobile elementor-section-boxed elementor-section-height-default elementor-section-height-default\" data-id=\"577133cf\" data-element_type=\"section\" data-e-type=\"section\" data-settings=\"{&quot;stretch_section&quot;:&quot;section-stretched&quot;,&quot;background_background&quot;:&quot;classic&quot;}\">\n\t\t\t\t\t\t\t<div class=\"elementor-background-overlay\"><\/div>\n\t\t\t\t\t\t\t<div class=\"elementor-container elementor-column-gap-default\">\n\t\t\t\t\t<div class=\"elementor-column elementor-col-50 elementor-top-column elementor-element elementor-element-5062d485\" data-id=\"5062d485\" data-element_type=\"column\" data-e-type=\"column\">\n\t\t\t<div class=\"elementor-widget-wrap elementor-element-populated\">\n\t\t\t\t\t\t<div class=\"elementor-element elementor-element-559d61b elementor-invisible elementor-widget elementor-widget-heading\" data-id=\"559d61b\" data-element_type=\"widget\" data-e-type=\"widget\" data-settings=\"{&quot;_animation&quot;:&quot;fadeInDown&quot;}\" data-widget_type=\"heading.default\">\n\t\t\t\t<div class=\"elementor-widget-container\">\n\t\t\t\t\t<h2 class=\"elementor-heading-title elementor-size-default\">Polyvalence et mobilit\u00e9 tout-terrain<\/h2>\t\t\t\t<\/div>\n\t\t\t\t<\/div>\n\t\t\t\t<div class=\"elementor-element elementor-element-2d96d6e9 elementor-widget elementor-widget-text-editor\" data-id=\"2d96d6e9\" data-element_type=\"widget\" data-e-type=\"widget\" data-widget_type=\"text-editor.default\">\n\t\t\t\t<div class=\"elementor-widget-container\">\n\t\t\t\t\t\t\t\t\t<p>L&rsquo;atout majeur de nos remorques frigorifiques r\u00e9side dans leur <strong>flexibilit\u00e9<\/strong>. Contrairement \u00e0 un camion frigorifique co\u00fbteux et immobilis\u00e9, nos remorques lib\u00e8rent votre logistique :<\/p><p><strong>&#8211; \u00c9v\u00e9nementiel et Traiteurs<\/strong> : Stockez vos banquets et boissons au frais directement sur le lieu de r\u00e9ception, en toute autonomie gr\u00e2ce au branchement secteur standard (220V).<\/p><p><strong>&#8211; Transport et Livraison<\/strong> : S\u00e9curisez vos transferts de marchandises avec un ch\u00e2ssis robuste et une tenue de route irr\u00e9prochable, m\u00eame \u00e0 pleine charge.<\/p><p><strong>&#8211; Stockage d&rsquo;Appoint<\/strong> : Besoin d&rsquo;un surplus de stockage temporaire lors des pics d&rsquo;activit\u00e9 ou en cas de panne de votre chambre froide principale ? Nos remorques se transforment instantan\u00e9ment en extension de votre local.<\/p>\t\t\t\t\t\t\t\t<\/div>\n\t\t\t\t<\/div>\n\t\t\t\t\t<\/div>\n\t\t<\/div>\n\t\t\t\t<div class=\"elementor-column elementor-col-50 elementor-top-column elementor-element elementor-element-530800b8\" data-id=\"530800b8\" data-element_type=\"column\" data-e-type=\"column\">\n\t\t\t<div class=\"elementor-widget-wrap elementor-element-populated\">\n\t\t\t\t\t\t<div class=\"elementor-element elementor-element-d311d72 elementor-invisible elementor-widget elementor-widget-image\" data-id=\"d311d72\" data-element_type=\"widget\" data-e-type=\"widget\" data-settings=\"{&quot;_animation&quot;:&quot;fadeInRight&quot;}\" data-widget_type=\"image.default\">\n\t\t\t\t<div class=\"elementor-widget-container\">\n\t\t\t\t\t\t\t\t\t\t\t\t\t\t\t<img decoding=\"async\" width=\"640\" height=\"480\" src=\"https:\/\/vitrineshop-remorquerefrigeree.fr\/wp-content\/uploads\/2025\/12\/remorque-frigorifique-1.jpg\" class=\"attachment-large size-large wp-image-2750\" alt=\"\" srcset=\"https:\/\/vitrineshop-remorquerefrigeree.fr\/wp-content\/uploads\/2025\/12\/remorque-frigorifique-1.jpg 640w, https:\/\/vitrineshop-remorquerefrigeree.fr\/wp-content\/uploads\/2025\/12\/remorque-frigorifique-1-300x225.jpg 300w, https:\/\/vitrineshop-remorquerefrigeree.fr\/wp-content\/uploads\/2025\/12\/remorque-frigorifique-1-200x150.jpg 200w, https:\/\/vitrineshop-remorquerefrigeree.fr\/wp-content\/uploads\/2025\/12\/remorque-frigorifique-1-230x173.jpg 230w, https:\/\/vitrineshop-remorquerefrigeree.fr\/wp-content\/uploads\/2025\/12\/remorque-frigorifique-1-600x450.jpg 600w\" sizes=\"(max-width: 640px) 100vw, 640px\" \/>\t\t\t\t\t\t\t\t\t\t\t\t\t\t\t<\/div>\n\t\t\t\t<\/div>\n\t\t\t\t\t<\/div>\n\t\t<\/div>\n\t\t\t\t\t<\/div>\n\t\t<\/section>\n\t\t\t\t<section class=\"elementor-section elementor-top-section elementor-element elementor-element-747652b elementor-section-content-middle elementor-section-stretched elementor-section-boxed elementor-section-height-default elementor-section-height-default\" data-id=\"747652b\" data-element_type=\"section\" data-e-type=\"section\" data-settings=\"{&quot;stretch_section&quot;:&quot;section-stretched&quot;,&quot;background_background&quot;:&quot;classic&quot;}\">\n\t\t\t\t\t\t\t<div class=\"elementor-background-overlay\"><\/div>\n\t\t\t\t\t\t\t<div class=\"elementor-container elementor-column-gap-default\">\n\t\t\t\t\t<div class=\"elementor-column elementor-col-50 elementor-top-column elementor-element elementor-element-d09882b\" data-id=\"d09882b\" data-element_type=\"column\" data-e-type=\"column\">\n\t\t\t<div class=\"elementor-widget-wrap elementor-element-populated\">\n\t\t\t\t\t\t<section class=\"elementor-section elementor-inner-section elementor-element elementor-element-92e4206 elementor-section-boxed elementor-section-height-default elementor-section-height-default\" data-id=\"92e4206\" data-element_type=\"section\" data-e-type=\"section\">\n\t\t\t\t\t\t<div class=\"elementor-container elementor-column-gap-default\">\n\t\t\t\t\t<div class=\"elementor-column elementor-col-100 elementor-inner-column elementor-element elementor-element-4123140\" data-id=\"4123140\" data-element_type=\"column\" data-e-type=\"column\">\n\t\t\t<div class=\"elementor-widget-wrap elementor-element-populated\">\n\t\t\t\t\t\t<div class=\"elementor-element elementor-element-86eaaca elementor-invisible elementor-widget elementor-widget-image\" data-id=\"86eaaca\" data-element_type=\"widget\" data-e-type=\"widget\" data-settings=\"{&quot;_animation&quot;:&quot;fadeInLeft&quot;}\" data-widget_type=\"image.default\">\n\t\t\t\t<div class=\"elementor-widget-container\">\n\t\t\t\t\t\t\t\t\t\t\t\t\t\t\t<img decoding=\"async\" width=\"480\" height=\"360\" src=\"https:\/\/vitrineshop-remorquerefrigeree.fr\/wp-content\/uploads\/2025\/07\/SARL-VITRINESHOP-RAPHA-22-1.jpg\" class=\"attachment-large size-large wp-image-2664\" alt=\"\" srcset=\"https:\/\/vitrineshop-remorquerefrigeree.fr\/wp-content\/uploads\/2025\/07\/SARL-VITRINESHOP-RAPHA-22-1.jpg 480w, https:\/\/vitrineshop-remorquerefrigeree.fr\/wp-content\/uploads\/2025\/07\/SARL-VITRINESHOP-RAPHA-22-1-300x225.jpg 300w, https:\/\/vitrineshop-remorquerefrigeree.fr\/wp-content\/uploads\/2025\/07\/SARL-VITRINESHOP-RAPHA-22-1-200x150.jpg 200w, https:\/\/vitrineshop-remorquerefrigeree.fr\/wp-content\/uploads\/2025\/07\/SARL-VITRINESHOP-RAPHA-22-1-230x173.jpg 230w\" sizes=\"(max-width: 480px) 100vw, 480px\" \/>\t\t\t\t\t\t\t\t\t\t\t\t\t\t\t<\/div>\n\t\t\t\t<\/div>\n\t\t\t\t\t<\/div>\n\t\t<\/div>\n\t\t\t\t\t<\/div>\n\t\t<\/section>\n\t\t\t\t\t<\/div>\n\t\t<\/div>\n\t\t\t\t<div class=\"elementor-column elementor-col-50 elementor-top-column elementor-element elementor-element-f3a1f26\" data-id=\"f3a1f26\" data-element_type=\"column\" data-e-type=\"column\">\n\t\t\t<div class=\"elementor-widget-wrap elementor-element-populated\">\n\t\t\t\t\t\t<div class=\"elementor-element elementor-element-1d2894d elementor-invisible elementor-widget elementor-widget-heading\" data-id=\"1d2894d\" data-element_type=\"widget\" data-e-type=\"widget\" data-settings=\"{&quot;_animation&quot;:&quot;fadeInDown&quot;}\" data-widget_type=\"heading.default\">\n\t\t\t\t<div class=\"elementor-widget-container\">\n\t\t\t\t\t<h2 class=\"elementor-heading-title elementor-size-default\">Robustesse et facilit\u00e9 d'entretien<\/h2>\t\t\t\t<\/div>\n\t\t\t\t<\/div>\n\t\t\t\t<div class=\"elementor-element elementor-element-e1f8641 elementor-widget elementor-widget-text-editor\" data-id=\"e1f8641\" data-element_type=\"widget\" data-e-type=\"widget\" data-widget_type=\"text-editor.default\">\n\t\t\t\t<div class=\"elementor-widget-container\">\n\t\t\t\t\t\t\t\t\t<p>Parce que votre mat\u00e9riel doit <strong>durer<\/strong>, nous s\u00e9lectionnons des composants de qualit\u00e9 industrielle. Le <b>sol antid\u00e9rapant<\/b>, les <b>parois lisses<\/b> et les <b>finitions en acier inoxydable<\/b> ou aluminium anodis\u00e9 facilitent le nettoyage quotidien et la d\u00e9sinfection, essentiels pour respecter les standards d&rsquo;hygi\u00e8ne alimentaire.<\/p>\n<p>Ne laissez plus les contraintes logistiques brider votre d\u00e9veloppement. Optez pour une solution de froid mobile qui <b>s&rsquo;adapte \u00e0 votre rythme<\/b>, pas l&rsquo;inverse.<\/p>\n<p>Contactez nos experts d\u00e8s aujourd&rsquo;hui pour d\u00e9finir la capacit\u00e9 adapt\u00e9e \u00e0 vos besoins.<\/p>\t\t\t\t\t\t\t\t<\/div>\n\t\t\t\t<\/div>\n\t\t\t\t\t<\/div>\n\t\t<\/div>\n\t\t\t\t\t<\/div>\n\t\t<\/section>\n\t\t\t\t<section class=\"elementor-section elementor-top-section elementor-element elementor-element-f1e299a elementor-section-content-middle elementor-section-stretched elementor-reverse-tablet elementor-reverse-mobile elementor-section-boxed elementor-section-height-default elementor-section-height-default\" data-id=\"f1e299a\" data-element_type=\"section\" data-e-type=\"section\" data-settings=\"{&quot;stretch_section&quot;:&quot;section-stretched&quot;,&quot;background_background&quot;:&quot;classic&quot;}\">\n\t\t\t\t\t\t\t<div class=\"elementor-background-overlay\"><\/div>\n\t\t\t\t\t\t\t<div class=\"elementor-container elementor-column-gap-default\">\n\t\t\t\t\t<div class=\"elementor-column elementor-col-100 elementor-top-column elementor-element elementor-element-9be2092\" data-id=\"9be2092\" data-element_type=\"column\" data-e-type=\"column\">\n\t\t\t<div class=\"elementor-widget-wrap elementor-element-populated\">\n\t\t\t\t\t\t<div class=\"elementor-element elementor-element-cb1a858 elementor-product-loop-item--align-center elementor-grid-4 elementor-grid-tablet-3 elementor-grid-mobile-2 elementor-products-grid elementor-wc-products elementor-widget elementor-widget-woocommerce-products\" data-id=\"cb1a858\" data-element_type=\"widget\" data-e-type=\"widget\" data-widget_type=\"woocommerce-products.default\">\n\t\t\t\t<div class=\"elementor-widget-container\">\n\t\t\t\t\t<div class=\"woocommerce columns-4 \"><ul class=\"products elementor-grid columns-4\">\n<li class=\"product type-product post-2392 status-publish first instock product_cat-remorque-frigorifique has-post-thumbnail shipping-taxable product-type-simple\">\n\t<a href=\"https:\/\/vitrineshop-remorquerefrigeree.fr\/product\/remorque-frigorifique-rapha-18\/\" class=\"woocommerce-LoopProduct-link woocommerce-loop-product__link\"><img loading=\"lazy\" decoding=\"async\" width=\"230\" height=\"173\" src=\"https:\/\/vitrineshop-remorquerefrigeree.fr\/wp-content\/uploads\/2025\/07\/1-230x173.webp\" class=\"attachment-woocommerce_thumbnail size-woocommerce_thumbnail\" alt=\"Remorque Frigorifique RAPHA 18\" srcset=\"https:\/\/vitrineshop-remorquerefrigeree.fr\/wp-content\/uploads\/2025\/07\/1-230x173.webp 230w, https:\/\/vitrineshop-remorquerefrigeree.fr\/wp-content\/uploads\/2025\/07\/1-600x450.webp 600w, https:\/\/vitrineshop-remorquerefrigeree.fr\/wp-content\/uploads\/2025\/07\/1-300x225.webp 300w, https:\/\/vitrineshop-remorquerefrigeree.fr\/wp-content\/uploads\/2025\/07\/1-200x150.webp 200w, https:\/\/vitrineshop-remorquerefrigeree.fr\/wp-content\/uploads\/2025\/07\/1.webp 640w\" sizes=\"(max-width: 230px) 100vw, 230px\" \/><h2 class=\"woocommerce-loop-product__title\">Remorque Frigorifique RAPHA 18<\/h2>\n<\/a><a data-pid=\"2392\" class=\"shopengine_add_to_list_action shopengine-wishlist badge se-btn inactive\" href=\"#\" ><i class=\"shopengine-icon-add_to_favourite_1\"><\/i><\/a><a title='Aper\u00e7u rapide' class='shopengine-quickview-trigger se-btn'\n\t\t\t\t\tdata-source-url='https:\/\/vitrineshop-remorquerefrigeree.fr\/product\/remorque-frigorifique-rapha-18\/'\n\t\t\t\t\thref='https:\/\/vitrineshop-remorquerefrigeree.fr\/product\/remorque-frigorifique-rapha-18\/'>\n\t\t\t\t\t<i class=\"shopengine-icon-quick_view_1\"><\/i>\n\t\t\t\t<\/a><a href=\"https:\/\/vitrineshop-remorquerefrigeree.fr\/product\/remorque-frigorifique-rapha-18\/\" aria-describedby=\"woocommerce_loop_add_to_cart_link_describedby_2392\" data-quantity=\"1\" class=\"button product_type_simple\" data-product_id=\"2392\" data-product_sku=\"\" aria-label=\"En savoir plus sur &ldquo;Remorque Frigorifique RAPHA 18&rdquo;\" rel=\"nofollow\" data-success_message=\"\">Lire la suite<\/a><a data-payload='{\"pid\":2392}' class=\"shopengine_comparison_add_to_list_action shopengine-comparison badge se-btn inactive\"> <i class=\"shopengine-icon-product_compare_1\"><\/i> <\/a>\t<span id=\"woocommerce_loop_add_to_cart_link_describedby_2392\" class=\"screen-reader-text\">\n\t\t\t<\/span>\n<\/li>\n<li class=\"product type-product post-2414 status-publish instock product_cat-remorque-frigorifique has-post-thumbnail shipping-taxable product-type-simple\">\n\t<a href=\"https:\/\/vitrineshop-remorquerefrigeree.fr\/product\/remorque-frigorifique-rapha-19\/\" class=\"woocommerce-LoopProduct-link woocommerce-loop-product__link\"><img loading=\"lazy\" decoding=\"async\" width=\"230\" height=\"173\" src=\"https:\/\/vitrineshop-remorquerefrigeree.fr\/wp-content\/uploads\/2025\/07\/2-230x173.webp\" class=\"attachment-woocommerce_thumbnail size-woocommerce_thumbnail\" alt=\"Remorque Frigorifique RAPHA 19\" srcset=\"https:\/\/vitrineshop-remorquerefrigeree.fr\/wp-content\/uploads\/2025\/07\/2-230x173.webp 230w, https:\/\/vitrineshop-remorquerefrigeree.fr\/wp-content\/uploads\/2025\/07\/2-300x225.webp 300w, https:\/\/vitrineshop-remorquerefrigeree.fr\/wp-content\/uploads\/2025\/07\/2-768x576.webp 768w, https:\/\/vitrineshop-remorquerefrigeree.fr\/wp-content\/uploads\/2025\/07\/2-200x150.webp 200w, https:\/\/vitrineshop-remorquerefrigeree.fr\/wp-content\/uploads\/2025\/07\/2-600x450.webp 600w, https:\/\/vitrineshop-remorquerefrigeree.fr\/wp-content\/uploads\/2025\/07\/2.webp 1024w\" sizes=\"(max-width: 230px) 100vw, 230px\" \/><h2 class=\"woocommerce-loop-product__title\">Remorque Frigorifique RAPHA 19<\/h2>\n<\/a><a data-pid=\"2414\" class=\"shopengine_add_to_list_action shopengine-wishlist badge se-btn inactive\" href=\"#\" ><i class=\"shopengine-icon-add_to_favourite_1\"><\/i><\/a><a title='Aper\u00e7u rapide' class='shopengine-quickview-trigger se-btn'\n\t\t\t\t\tdata-source-url='https:\/\/vitrineshop-remorquerefrigeree.fr\/product\/remorque-frigorifique-rapha-19\/'\n\t\t\t\t\thref='https:\/\/vitrineshop-remorquerefrigeree.fr\/product\/remorque-frigorifique-rapha-19\/'>\n\t\t\t\t\t<i class=\"shopengine-icon-quick_view_1\"><\/i>\n\t\t\t\t<\/a><a href=\"https:\/\/vitrineshop-remorquerefrigeree.fr\/product\/remorque-frigorifique-rapha-19\/\" aria-describedby=\"woocommerce_loop_add_to_cart_link_describedby_2414\" data-quantity=\"1\" class=\"button product_type_simple\" data-product_id=\"2414\" data-product_sku=\"\" aria-label=\"En savoir plus sur &ldquo;Remorque Frigorifique RAPHA 19&rdquo;\" rel=\"nofollow\" data-success_message=\"\">Lire la suite<\/a><a data-payload='{\"pid\":2414}' class=\"shopengine_comparison_add_to_list_action shopengine-comparison badge se-btn inactive\"> <i class=\"shopengine-icon-product_compare_1\"><\/i> <\/a>\t<span id=\"woocommerce_loop_add_to_cart_link_describedby_2414\" class=\"screen-reader-text\">\n\t\t\t<\/span>\n<\/li>\n<li class=\"product type-product post-2429 status-publish instock product_cat-remorque-frigorifique has-post-thumbnail shipping-taxable product-type-simple\">\n\t<a href=\"https:\/\/vitrineshop-remorquerefrigeree.fr\/product\/remorque-frigorifique-rapha-20\/\" class=\"woocommerce-LoopProduct-link woocommerce-loop-product__link\"><img loading=\"lazy\" decoding=\"async\" width=\"230\" height=\"307\" src=\"https:\/\/vitrineshop-remorquerefrigeree.fr\/wp-content\/uploads\/2025\/07\/c3-230x307.webp\" class=\"attachment-woocommerce_thumbnail size-woocommerce_thumbnail\" alt=\"Remorque Frigorifique RAPHA 20\" srcset=\"https:\/\/vitrineshop-remorquerefrigeree.fr\/wp-content\/uploads\/2025\/07\/c3-230x307.webp 230w, https:\/\/vitrineshop-remorquerefrigeree.fr\/wp-content\/uploads\/2025\/07\/c3-225x300.webp 225w, https:\/\/vitrineshop-remorquerefrigeree.fr\/wp-content\/uploads\/2025\/07\/c3-200x267.webp 200w, https:\/\/vitrineshop-remorquerefrigeree.fr\/wp-content\/uploads\/2025\/07\/c3.webp 360w\" sizes=\"(max-width: 230px) 100vw, 230px\" \/><h2 class=\"woocommerce-loop-product__title\">Remorque Frigorifique RAPHA 20<\/h2>\n<\/a><a data-pid=\"2429\" class=\"shopengine_add_to_list_action shopengine-wishlist badge se-btn inactive\" href=\"#\" ><i class=\"shopengine-icon-add_to_favourite_1\"><\/i><\/a><a title='Aper\u00e7u rapide' class='shopengine-quickview-trigger se-btn'\n\t\t\t\t\tdata-source-url='https:\/\/vitrineshop-remorquerefrigeree.fr\/product\/remorque-frigorifique-rapha-20\/'\n\t\t\t\t\thref='https:\/\/vitrineshop-remorquerefrigeree.fr\/product\/remorque-frigorifique-rapha-20\/'>\n\t\t\t\t\t<i class=\"shopengine-icon-quick_view_1\"><\/i>\n\t\t\t\t<\/a><a href=\"https:\/\/vitrineshop-remorquerefrigeree.fr\/product\/remorque-frigorifique-rapha-20\/\" aria-describedby=\"woocommerce_loop_add_to_cart_link_describedby_2429\" data-quantity=\"1\" class=\"button product_type_simple\" data-product_id=\"2429\" data-product_sku=\"\" aria-label=\"En savoir plus sur &ldquo;Remorque Frigorifique RAPHA 20&rdquo;\" rel=\"nofollow\" data-success_message=\"\">Lire la suite<\/a><a data-payload='{\"pid\":2429}' class=\"shopengine_comparison_add_to_list_action shopengine-comparison badge se-btn inactive\"> <i class=\"shopengine-icon-product_compare_1\"><\/i> <\/a>\t<span id=\"woocommerce_loop_add_to_cart_link_describedby_2429\" class=\"screen-reader-text\">\n\t\t\t<\/span>\n<\/li>\n<li class=\"product type-product post-2441 status-publish last instock product_cat-remorque-frigorifique has-post-thumbnail shipping-taxable product-type-simple\">\n\t<a href=\"https:\/\/vitrineshop-remorquerefrigeree.fr\/product\/remorque-rapha-21\/\" class=\"woocommerce-LoopProduct-link woocommerce-loop-product__link\"><img loading=\"lazy\" decoding=\"async\" width=\"230\" height=\"173\" src=\"https:\/\/vitrineshop-remorquerefrigeree.fr\/wp-content\/uploads\/2025\/07\/c4-230x173.webp\" class=\"attachment-woocommerce_thumbnail size-woocommerce_thumbnail\" alt=\"Remorque Frigorifique RAPHA 21\" srcset=\"https:\/\/vitrineshop-remorquerefrigeree.fr\/wp-content\/uploads\/2025\/07\/c4-230x173.webp 230w, https:\/\/vitrineshop-remorquerefrigeree.fr\/wp-content\/uploads\/2025\/07\/c4-300x225.webp 300w, https:\/\/vitrineshop-remorquerefrigeree.fr\/wp-content\/uploads\/2025\/07\/c4-768x576.webp 768w, https:\/\/vitrineshop-remorquerefrigeree.fr\/wp-content\/uploads\/2025\/07\/c4-200x150.webp 200w, https:\/\/vitrineshop-remorquerefrigeree.fr\/wp-content\/uploads\/2025\/07\/c4-600x450.webp 600w, https:\/\/vitrineshop-remorquerefrigeree.fr\/wp-content\/uploads\/2025\/07\/c4.webp 1024w\" sizes=\"(max-width: 230px) 100vw, 230px\" \/><h2 class=\"woocommerce-loop-product__title\">Remorque Frigorifique RAPHA 21<\/h2>\n<\/a><a data-pid=\"2441\" class=\"shopengine_add_to_list_action shopengine-wishlist badge se-btn inactive\" href=\"#\" ><i class=\"shopengine-icon-add_to_favourite_1\"><\/i><\/a><a title='Aper\u00e7u rapide' class='shopengine-quickview-trigger se-btn'\n\t\t\t\t\tdata-source-url='https:\/\/vitrineshop-remorquerefrigeree.fr\/product\/remorque-rapha-21\/'\n\t\t\t\t\thref='https:\/\/vitrineshop-remorquerefrigeree.fr\/product\/remorque-rapha-21\/'>\n\t\t\t\t\t<i class=\"shopengine-icon-quick_view_1\"><\/i>\n\t\t\t\t<\/a><a href=\"https:\/\/vitrineshop-remorquerefrigeree.fr\/product\/remorque-rapha-21\/\" aria-describedby=\"woocommerce_loop_add_to_cart_link_describedby_2441\" data-quantity=\"1\" class=\"button product_type_simple\" data-product_id=\"2441\" data-product_sku=\"\" aria-label=\"En savoir plus sur &ldquo;Remorque Frigorifique RAPHA 21&rdquo;\" rel=\"nofollow\" data-success_message=\"\">Lire la suite<\/a><a data-payload='{\"pid\":2441}' class=\"shopengine_comparison_add_to_list_action shopengine-comparison badge se-btn inactive\"> <i class=\"shopengine-icon-product_compare_1\"><\/i> <\/a>\t<span id=\"woocommerce_loop_add_to_cart_link_describedby_2441\" class=\"screen-reader-text\">\n\t\t\t<\/span>\n<\/li>\n<li class=\"product type-product post-2447 status-publish first instock product_cat-remorque-frigorifique has-post-thumbnail shipping-taxable product-type-simple\">\n\t<a href=\"https:\/\/vitrineshop-remorquerefrigeree.fr\/product\/remorque-frigorifique-rapha-22\/\" class=\"woocommerce-LoopProduct-link woocommerce-loop-product__link\"><img loading=\"lazy\" decoding=\"async\" width=\"230\" height=\"307\" src=\"https:\/\/vitrineshop-remorquerefrigeree.fr\/wp-content\/uploads\/2025\/07\/c5-230x307.webp\" class=\"attachment-woocommerce_thumbnail size-woocommerce_thumbnail\" alt=\"Remorque Frigorifique RAPHA 22\" srcset=\"https:\/\/vitrineshop-remorquerefrigeree.fr\/wp-content\/uploads\/2025\/07\/c5-230x307.webp 230w, https:\/\/vitrineshop-remorquerefrigeree.fr\/wp-content\/uploads\/2025\/07\/c5-225x300.webp 225w, https:\/\/vitrineshop-remorquerefrigeree.fr\/wp-content\/uploads\/2025\/07\/c5-200x267.webp 200w, https:\/\/vitrineshop-remorquerefrigeree.fr\/wp-content\/uploads\/2025\/07\/c5.webp 360w\" sizes=\"(max-width: 230px) 100vw, 230px\" \/><h2 class=\"woocommerce-loop-product__title\">Remorque Frigorifique RAPHA 22<\/h2>\n<\/a><a data-pid=\"2447\" class=\"shopengine_add_to_list_action shopengine-wishlist badge se-btn inactive\" href=\"#\" ><i class=\"shopengine-icon-add_to_favourite_1\"><\/i><\/a><a title='Aper\u00e7u rapide' class='shopengine-quickview-trigger se-btn'\n\t\t\t\t\tdata-source-url='https:\/\/vitrineshop-remorquerefrigeree.fr\/product\/remorque-frigorifique-rapha-22\/'\n\t\t\t\t\thref='https:\/\/vitrineshop-remorquerefrigeree.fr\/product\/remorque-frigorifique-rapha-22\/'>\n\t\t\t\t\t<i class=\"shopengine-icon-quick_view_1\"><\/i>\n\t\t\t\t<\/a><a href=\"https:\/\/vitrineshop-remorquerefrigeree.fr\/product\/remorque-frigorifique-rapha-22\/\" aria-describedby=\"woocommerce_loop_add_to_cart_link_describedby_2447\" data-quantity=\"1\" class=\"button product_type_simple\" data-product_id=\"2447\" data-product_sku=\"\" aria-label=\"En savoir plus sur &ldquo;Remorque Frigorifique RAPHA 22&rdquo;\" rel=\"nofollow\" data-success_message=\"\">Lire la suite<\/a><a data-payload='{\"pid\":2447}' class=\"shopengine_comparison_add_to_list_action shopengine-comparison badge se-btn inactive\"> <i class=\"shopengine-icon-product_compare_1\"><\/i> <\/a>\t<span id=\"woocommerce_loop_add_to_cart_link_describedby_2447\" class=\"screen-reader-text\">\n\t\t\t<\/span>\n<\/li>\n<li class=\"product type-product post-2462 status-publish instock product_cat-remorque-frigorifique has-post-thumbnail shipping-taxable product-type-simple\">\n\t<a href=\"https:\/\/vitrineshop-remorquerefrigeree.fr\/product\/remorque-frigorifique-rapha-23\/\" class=\"woocommerce-LoopProduct-link woocommerce-loop-product__link\"><img loading=\"lazy\" decoding=\"async\" width=\"230\" height=\"173\" src=\"https:\/\/vitrineshop-remorquerefrigeree.fr\/wp-content\/uploads\/2025\/07\/c6-230x173.webp\" class=\"attachment-woocommerce_thumbnail size-woocommerce_thumbnail\" alt=\"Remorque Frigorifique RAPHA 23\" srcset=\"https:\/\/vitrineshop-remorquerefrigeree.fr\/wp-content\/uploads\/2025\/07\/c6-230x173.webp 230w, https:\/\/vitrineshop-remorquerefrigeree.fr\/wp-content\/uploads\/2025\/07\/c6-300x225.webp 300w, https:\/\/vitrineshop-remorquerefrigeree.fr\/wp-content\/uploads\/2025\/07\/c6-768x576.webp 768w, https:\/\/vitrineshop-remorquerefrigeree.fr\/wp-content\/uploads\/2025\/07\/c6-200x150.webp 200w, https:\/\/vitrineshop-remorquerefrigeree.fr\/wp-content\/uploads\/2025\/07\/c6-600x450.webp 600w, https:\/\/vitrineshop-remorquerefrigeree.fr\/wp-content\/uploads\/2025\/07\/c6.webp 1024w\" sizes=\"(max-width: 230px) 100vw, 230px\" \/><h2 class=\"woocommerce-loop-product__title\">Remorque Frigorifique RAPHA 23<\/h2>\n<\/a><a data-pid=\"2462\" class=\"shopengine_add_to_list_action shopengine-wishlist badge se-btn inactive\" href=\"#\" ><i class=\"shopengine-icon-add_to_favourite_1\"><\/i><\/a><a title='Aper\u00e7u rapide' class='shopengine-quickview-trigger se-btn'\n\t\t\t\t\tdata-source-url='https:\/\/vitrineshop-remorquerefrigeree.fr\/product\/remorque-frigorifique-rapha-23\/'\n\t\t\t\t\thref='https:\/\/vitrineshop-remorquerefrigeree.fr\/product\/remorque-frigorifique-rapha-23\/'>\n\t\t\t\t\t<i class=\"shopengine-icon-quick_view_1\"><\/i>\n\t\t\t\t<\/a><a href=\"https:\/\/vitrineshop-remorquerefrigeree.fr\/product\/remorque-frigorifique-rapha-23\/\" aria-describedby=\"woocommerce_loop_add_to_cart_link_describedby_2462\" data-quantity=\"1\" class=\"button product_type_simple\" data-product_id=\"2462\" data-product_sku=\"\" aria-label=\"En savoir plus sur &ldquo;Remorque Frigorifique RAPHA 23&rdquo;\" rel=\"nofollow\" data-success_message=\"\">Lire la suite<\/a><a data-payload='{\"pid\":2462}' class=\"shopengine_comparison_add_to_list_action shopengine-comparison badge se-btn inactive\"> <i class=\"shopengine-icon-product_compare_1\"><\/i> <\/a>\t<span id=\"woocommerce_loop_add_to_cart_link_describedby_2462\" class=\"screen-reader-text\">\n\t\t\t<\/span>\n<\/li>\n<li class=\"product type-product post-2474 status-publish instock product_cat-remorque-frigorifique has-post-thumbnail shipping-taxable product-type-simple\">\n\t<a href=\"https:\/\/vitrineshop-remorquerefrigeree.fr\/product\/remorque-frigorifique-arno-14\/\" class=\"woocommerce-LoopProduct-link woocommerce-loop-product__link\"><img loading=\"lazy\" decoding=\"async\" width=\"230\" height=\"307\" src=\"https:\/\/vitrineshop-remorquerefrigeree.fr\/wp-content\/uploads\/2025\/07\/c7-230x307.webp\" class=\"attachment-woocommerce_thumbnail size-woocommerce_thumbnail\" alt=\"Remorque Frigorifique ARNO 14\" srcset=\"https:\/\/vitrineshop-remorquerefrigeree.fr\/wp-content\/uploads\/2025\/07\/c7-230x307.webp 230w, https:\/\/vitrineshop-remorquerefrigeree.fr\/wp-content\/uploads\/2025\/07\/c7-225x300.webp 225w, https:\/\/vitrineshop-remorquerefrigeree.fr\/wp-content\/uploads\/2025\/07\/c7-200x267.webp 200w, https:\/\/vitrineshop-remorquerefrigeree.fr\/wp-content\/uploads\/2025\/07\/c7.webp 360w\" sizes=\"(max-width: 230px) 100vw, 230px\" \/><h2 class=\"woocommerce-loop-product__title\">Remorque Frigorifique ARNO 14<\/h2>\n<\/a><a data-pid=\"2474\" class=\"shopengine_add_to_list_action shopengine-wishlist badge se-btn inactive\" href=\"#\" ><i class=\"shopengine-icon-add_to_favourite_1\"><\/i><\/a><a title='Aper\u00e7u rapide' class='shopengine-quickview-trigger se-btn'\n\t\t\t\t\tdata-source-url='https:\/\/vitrineshop-remorquerefrigeree.fr\/product\/remorque-frigorifique-arno-14\/'\n\t\t\t\t\thref='https:\/\/vitrineshop-remorquerefrigeree.fr\/product\/remorque-frigorifique-arno-14\/'>\n\t\t\t\t\t<i class=\"shopengine-icon-quick_view_1\"><\/i>\n\t\t\t\t<\/a><a href=\"https:\/\/vitrineshop-remorquerefrigeree.fr\/product\/remorque-frigorifique-arno-14\/\" aria-describedby=\"woocommerce_loop_add_to_cart_link_describedby_2474\" data-quantity=\"1\" class=\"button product_type_simple\" data-product_id=\"2474\" data-product_sku=\"\" aria-label=\"En savoir plus sur &ldquo;Remorque Frigorifique ARNO 14&rdquo;\" rel=\"nofollow\" data-success_message=\"\">Lire la suite<\/a><a data-payload='{\"pid\":2474}' class=\"shopengine_comparison_add_to_list_action shopengine-comparison badge se-btn inactive\"> <i class=\"shopengine-icon-product_compare_1\"><\/i> <\/a>\t<span id=\"woocommerce_loop_add_to_cart_link_describedby_2474\" class=\"screen-reader-text\">\n\t\t\t<\/span>\n<\/li>\n<li class=\"product type-product post-2489 status-publish last instock product_cat-remorque-frigorifique has-post-thumbnail shipping-taxable product-type-simple\">\n\t<a href=\"https:\/\/vitrineshop-remorquerefrigeree.fr\/product\/remorque-frigorifique-arno-15\/\" class=\"woocommerce-LoopProduct-link woocommerce-loop-product__link\"><img loading=\"lazy\" decoding=\"async\" width=\"230\" height=\"307\" src=\"https:\/\/vitrineshop-remorquerefrigeree.fr\/wp-content\/uploads\/2025\/07\/c8-230x307.webp\" class=\"attachment-woocommerce_thumbnail size-woocommerce_thumbnail\" alt=\"Remorque Frigorifique ARNO 15\" srcset=\"https:\/\/vitrineshop-remorquerefrigeree.fr\/wp-content\/uploads\/2025\/07\/c8-230x307.webp 230w, https:\/\/vitrineshop-remorquerefrigeree.fr\/wp-content\/uploads\/2025\/07\/c8-225x300.webp 225w, https:\/\/vitrineshop-remorquerefrigeree.fr\/wp-content\/uploads\/2025\/07\/c8-200x267.webp 200w, https:\/\/vitrineshop-remorquerefrigeree.fr\/wp-content\/uploads\/2025\/07\/c8.webp 480w\" sizes=\"(max-width: 230px) 100vw, 230px\" \/><h2 class=\"woocommerce-loop-product__title\">Remorque Frigorifique ARNO 15<\/h2>\n<\/a><a data-pid=\"2489\" class=\"shopengine_add_to_list_action shopengine-wishlist badge se-btn inactive\" href=\"#\" ><i class=\"shopengine-icon-add_to_favourite_1\"><\/i><\/a><a title='Aper\u00e7u rapide' class='shopengine-quickview-trigger se-btn'\n\t\t\t\t\tdata-source-url='https:\/\/vitrineshop-remorquerefrigeree.fr\/product\/remorque-frigorifique-arno-15\/'\n\t\t\t\t\thref='https:\/\/vitrineshop-remorquerefrigeree.fr\/product\/remorque-frigorifique-arno-15\/'>\n\t\t\t\t\t<i class=\"shopengine-icon-quick_view_1\"><\/i>\n\t\t\t\t<\/a><a href=\"https:\/\/vitrineshop-remorquerefrigeree.fr\/product\/remorque-frigorifique-arno-15\/\" aria-describedby=\"woocommerce_loop_add_to_cart_link_describedby_2489\" data-quantity=\"1\" class=\"button product_type_simple\" data-product_id=\"2489\" data-product_sku=\"\" aria-label=\"En savoir plus sur &ldquo;Remorque Frigorifique ARNO 15&rdquo;\" rel=\"nofollow\" data-success_message=\"\">Lire la suite<\/a><a data-payload='{\"pid\":2489}' class=\"shopengine_comparison_add_to_list_action shopengine-comparison badge se-btn inactive\"> <i class=\"shopengine-icon-product_compare_1\"><\/i> <\/a>\t<span id=\"woocommerce_loop_add_to_cart_link_describedby_2489\" class=\"screen-reader-text\">\n\t\t\t<\/span>\n<\/li>\n<li class=\"product type-product post-2494 status-publish first instock product_cat-remorque-frigorifique has-post-thumbnail shipping-taxable product-type-simple\">\n\t<a href=\"https:\/\/vitrineshop-remorquerefrigeree.fr\/product\/remorque-frigorifique-arno-16\/\" class=\"woocommerce-LoopProduct-link woocommerce-loop-product__link\"><img loading=\"lazy\" decoding=\"async\" width=\"230\" height=\"307\" src=\"https:\/\/vitrineshop-remorquerefrigeree.fr\/wp-content\/uploads\/2025\/07\/c9-230x307.webp\" class=\"attachment-woocommerce_thumbnail size-woocommerce_thumbnail\" alt=\"Remorque Frigorifique ARNO 16\" srcset=\"https:\/\/vitrineshop-remorquerefrigeree.fr\/wp-content\/uploads\/2025\/07\/c9-230x307.webp 230w, https:\/\/vitrineshop-remorquerefrigeree.fr\/wp-content\/uploads\/2025\/07\/c9-225x300.webp 225w, https:\/\/vitrineshop-remorquerefrigeree.fr\/wp-content\/uploads\/2025\/07\/c9-200x267.webp 200w, https:\/\/vitrineshop-remorquerefrigeree.fr\/wp-content\/uploads\/2025\/07\/c9.webp 240w\" sizes=\"(max-width: 230px) 100vw, 230px\" \/><h2 class=\"woocommerce-loop-product__title\">Remorque Frigorifique ARNO 16<\/h2>\n<\/a><a data-pid=\"2494\" class=\"shopengine_add_to_list_action shopengine-wishlist badge se-btn inactive\" href=\"#\" ><i class=\"shopengine-icon-add_to_favourite_1\"><\/i><\/a><a title='Aper\u00e7u rapide' class='shopengine-quickview-trigger se-btn'\n\t\t\t\t\tdata-source-url='https:\/\/vitrineshop-remorquerefrigeree.fr\/product\/remorque-frigorifique-arno-16\/'\n\t\t\t\t\thref='https:\/\/vitrineshop-remorquerefrigeree.fr\/product\/remorque-frigorifique-arno-16\/'>\n\t\t\t\t\t<i class=\"shopengine-icon-quick_view_1\"><\/i>\n\t\t\t\t<\/a><a href=\"https:\/\/vitrineshop-remorquerefrigeree.fr\/product\/remorque-frigorifique-arno-16\/\" aria-describedby=\"woocommerce_loop_add_to_cart_link_describedby_2494\" data-quantity=\"1\" class=\"button product_type_simple\" data-product_id=\"2494\" data-product_sku=\"\" aria-label=\"En savoir plus sur &ldquo;Remorque Frigorifique ARNO 16&rdquo;\" rel=\"nofollow\" data-success_message=\"\">Lire la suite<\/a><a data-payload='{\"pid\":2494}' class=\"shopengine_comparison_add_to_list_action shopengine-comparison badge se-btn inactive\"> <i class=\"shopengine-icon-product_compare_1\"><\/i> <\/a>\t<span id=\"woocommerce_loop_add_to_cart_link_describedby_2494\" class=\"screen-reader-text\">\n\t\t\t<\/span>\n<\/li>\n<li class=\"product type-product post-2507 status-publish instock product_cat-remorque-frigorifique has-post-thumbnail shipping-taxable product-type-simple\">\n\t<a href=\"https:\/\/vitrineshop-remorquerefrigeree.fr\/product\/remorque-frigorifique-arno-17\/\" class=\"woocommerce-LoopProduct-link woocommerce-loop-product__link\"><img loading=\"lazy\" decoding=\"async\" width=\"230\" height=\"307\" src=\"https:\/\/vitrineshop-remorquerefrigeree.fr\/wp-content\/uploads\/2025\/07\/c10-230x307.webp\" class=\"attachment-woocommerce_thumbnail size-woocommerce_thumbnail\" alt=\"Remorque Frigorifique ARNO 17\" srcset=\"https:\/\/vitrineshop-remorquerefrigeree.fr\/wp-content\/uploads\/2025\/07\/c10-230x307.webp 230w, https:\/\/vitrineshop-remorquerefrigeree.fr\/wp-content\/uploads\/2025\/07\/c10-225x300.webp 225w, https:\/\/vitrineshop-remorquerefrigeree.fr\/wp-content\/uploads\/2025\/07\/c10-200x267.webp 200w, https:\/\/vitrineshop-remorquerefrigeree.fr\/wp-content\/uploads\/2025\/07\/c10.webp 360w\" sizes=\"(max-width: 230px) 100vw, 230px\" \/><h2 class=\"woocommerce-loop-product__title\">Remorque Frigorifique ARNO 17<\/h2>\n<\/a><a data-pid=\"2507\" class=\"shopengine_add_to_list_action shopengine-wishlist badge se-btn inactive\" href=\"#\" ><i class=\"shopengine-icon-add_to_favourite_1\"><\/i><\/a><a title='Aper\u00e7u rapide' class='shopengine-quickview-trigger se-btn'\n\t\t\t\t\tdata-source-url='https:\/\/vitrineshop-remorquerefrigeree.fr\/product\/remorque-frigorifique-arno-17\/'\n\t\t\t\t\thref='https:\/\/vitrineshop-remorquerefrigeree.fr\/product\/remorque-frigorifique-arno-17\/'>\n\t\t\t\t\t<i class=\"shopengine-icon-quick_view_1\"><\/i>\n\t\t\t\t<\/a><a href=\"https:\/\/vitrineshop-remorquerefrigeree.fr\/product\/remorque-frigorifique-arno-17\/\" aria-describedby=\"woocommerce_loop_add_to_cart_link_describedby_2507\" data-quantity=\"1\" class=\"button product_type_simple\" data-product_id=\"2507\" data-product_sku=\"\" aria-label=\"En savoir plus sur &ldquo;Remorque Frigorifique ARNO 17&rdquo;\" rel=\"nofollow\" data-success_message=\"\">Lire la suite<\/a><a data-payload='{\"pid\":2507}' class=\"shopengine_comparison_add_to_list_action shopengine-comparison badge se-btn inactive\"> <i class=\"shopengine-icon-product_compare_1\"><\/i> <\/a>\t<span id=\"woocommerce_loop_add_to_cart_link_describedby_2507\" class=\"screen-reader-text\">\n\t\t\t<\/span>\n<\/li>\n<li class=\"product type-product post-2528 status-publish instock product_cat-remorque-frigorifique has-post-thumbnail shipping-taxable product-type-simple\">\n\t<a href=\"https:\/\/vitrineshop-remorquerefrigeree.fr\/product\/remorque-frigorifique-rapha-23-double-essieu-3000kg\/\" class=\"woocommerce-LoopProduct-link woocommerce-loop-product__link\"><img loading=\"lazy\" decoding=\"async\" width=\"230\" height=\"357\" src=\"https:\/\/vitrineshop-remorquerefrigeree.fr\/wp-content\/uploads\/2025\/07\/c12-230x357.webp\" class=\"attachment-woocommerce_thumbnail size-woocommerce_thumbnail\" alt=\"Remorque frigorifique Rapha 23 double essieu 3000kg\" srcset=\"https:\/\/vitrineshop-remorquerefrigeree.fr\/wp-content\/uploads\/2025\/07\/c12-230x357.webp 230w, https:\/\/vitrineshop-remorquerefrigeree.fr\/wp-content\/uploads\/2025\/07\/c12-193x300.webp 193w, https:\/\/vitrineshop-remorquerefrigeree.fr\/wp-content\/uploads\/2025\/07\/c12-200x310.webp 200w, https:\/\/vitrineshop-remorquerefrigeree.fr\/wp-content\/uploads\/2025\/07\/c12.webp 524w\" sizes=\"(max-width: 230px) 100vw, 230px\" \/><h2 class=\"woocommerce-loop-product__title\">Remorque frigorifique Rapha 23 double essieu 3000kg<\/h2>\n<\/a><a data-pid=\"2528\" class=\"shopengine_add_to_list_action shopengine-wishlist badge se-btn inactive\" href=\"#\" ><i class=\"shopengine-icon-add_to_favourite_1\"><\/i><\/a><a title='Aper\u00e7u rapide' class='shopengine-quickview-trigger se-btn'\n\t\t\t\t\tdata-source-url='https:\/\/vitrineshop-remorquerefrigeree.fr\/product\/remorque-frigorifique-rapha-23-double-essieu-3000kg\/'\n\t\t\t\t\thref='https:\/\/vitrineshop-remorquerefrigeree.fr\/product\/remorque-frigorifique-rapha-23-double-essieu-3000kg\/'>\n\t\t\t\t\t<i class=\"shopengine-icon-quick_view_1\"><\/i>\n\t\t\t\t<\/a><a href=\"https:\/\/vitrineshop-remorquerefrigeree.fr\/product\/remorque-frigorifique-rapha-23-double-essieu-3000kg\/\" aria-describedby=\"woocommerce_loop_add_to_cart_link_describedby_2528\" data-quantity=\"1\" class=\"button product_type_simple\" data-product_id=\"2528\" data-product_sku=\"\" aria-label=\"En savoir plus sur &ldquo;Remorque frigorifique Rapha 23 double essieu 3000kg&rdquo;\" rel=\"nofollow\" data-success_message=\"\">Lire la suite<\/a><a data-payload='{\"pid\":2528}' class=\"shopengine_comparison_add_to_list_action shopengine-comparison badge se-btn inactive\"> <i class=\"shopengine-icon-product_compare_1\"><\/i> <\/a>\t<span id=\"woocommerce_loop_add_to_cart_link_describedby_2528\" class=\"screen-reader-text\">\n\t\t\t<\/span>\n<\/li>\n<li class=\"product type-product post-2642 status-publish last instock product_cat-remorque-frigorifique has-post-thumbnail shipping-taxable product-type-simple\">\n\t<a href=\"https:\/\/vitrineshop-remorquerefrigeree.fr\/product\/remorque-frigorifique-arno-19-surgelee\/\" class=\"woocommerce-LoopProduct-link woocommerce-loop-product__link\"><img loading=\"lazy\" decoding=\"async\" width=\"230\" height=\"307\" src=\"https:\/\/vitrineshop-remorquerefrigeree.fr\/wp-content\/uploads\/2025\/11\/ARNO-19-SURGELEE-1-230x307.jpeg\" class=\"attachment-woocommerce_thumbnail size-woocommerce_thumbnail\" alt=\"Remorque Frigorifique ARNO 19 SURGELEE\" srcset=\"https:\/\/vitrineshop-remorquerefrigeree.fr\/wp-content\/uploads\/2025\/11\/ARNO-19-SURGELEE-1-230x307.jpeg 230w, https:\/\/vitrineshop-remorquerefrigeree.fr\/wp-content\/uploads\/2025\/11\/ARNO-19-SURGELEE-1-225x300.jpeg 225w, https:\/\/vitrineshop-remorquerefrigeree.fr\/wp-content\/uploads\/2025\/11\/ARNO-19-SURGELEE-1-200x267.jpeg 200w, https:\/\/vitrineshop-remorquerefrigeree.fr\/wp-content\/uploads\/2025\/11\/ARNO-19-SURGELEE-1.jpeg 240w\" sizes=\"(max-width: 230px) 100vw, 230px\" \/><h2 class=\"woocommerce-loop-product__title\">Remorque Frigorifique ARNO 19 SURGELEE<\/h2>\n<\/a><a data-pid=\"2642\" class=\"shopengine_add_to_list_action shopengine-wishlist badge se-btn inactive\" href=\"#\" ><i class=\"shopengine-icon-add_to_favourite_1\"><\/i><\/a><a title='Aper\u00e7u rapide' class='shopengine-quickview-trigger se-btn'\n\t\t\t\t\tdata-source-url='https:\/\/vitrineshop-remorquerefrigeree.fr\/product\/remorque-frigorifique-arno-19-surgelee\/'\n\t\t\t\t\thref='https:\/\/vitrineshop-remorquerefrigeree.fr\/product\/remorque-frigorifique-arno-19-surgelee\/'>\n\t\t\t\t\t<i class=\"shopengine-icon-quick_view_1\"><\/i>\n\t\t\t\t<\/a><a href=\"https:\/\/vitrineshop-remorquerefrigeree.fr\/product\/remorque-frigorifique-arno-19-surgelee\/\" aria-describedby=\"woocommerce_loop_add_to_cart_link_describedby_2642\" data-quantity=\"1\" class=\"button product_type_simple\" data-product_id=\"2642\" data-product_sku=\"\" aria-label=\"En savoir plus sur &ldquo;Remorque Frigorifique ARNO 19 SURGELEE&rdquo;\" rel=\"nofollow\" data-success_message=\"\">Lire la suite<\/a><a data-payload='{\"pid\":2642}' class=\"shopengine_comparison_add_to_list_action shopengine-comparison badge se-btn inactive\"> <i class=\"shopengine-icon-product_compare_1\"><\/i> <\/a>\t<span id=\"woocommerce_loop_add_to_cart_link_describedby_2642\" class=\"screen-reader-text\">\n\t\t\t<\/span>\n<\/li>\n<li class=\"product type-product post-2643 status-publish first instock product_cat-remorque-frigorifique has-post-thumbnail shipping-taxable product-type-simple\">\n\t<a href=\"https:\/\/vitrineshop-remorquerefrigeree.fr\/product\/remorque-frigorifique-arthur-1\/\" class=\"woocommerce-LoopProduct-link woocommerce-loop-product__link\"><img loading=\"lazy\" decoding=\"async\" width=\"230\" height=\"307\" src=\"https:\/\/vitrineshop-remorquerefrigeree.fr\/wp-content\/uploads\/2025\/07\/45a6e13941cc659682a1a78157b737bada141600-230x307.webp\" class=\"attachment-woocommerce_thumbnail size-woocommerce_thumbnail\" alt=\"Remorque Frigorifique ARTHUR 1\" srcset=\"https:\/\/vitrineshop-remorquerefrigeree.fr\/wp-content\/uploads\/2025\/07\/45a6e13941cc659682a1a78157b737bada141600-230x307.webp 230w, https:\/\/vitrineshop-remorquerefrigeree.fr\/wp-content\/uploads\/2025\/07\/45a6e13941cc659682a1a78157b737bada141600-225x300.webp 225w, https:\/\/vitrineshop-remorquerefrigeree.fr\/wp-content\/uploads\/2025\/07\/45a6e13941cc659682a1a78157b737bada141600-200x267.webp 200w, https:\/\/vitrineshop-remorquerefrigeree.fr\/wp-content\/uploads\/2025\/07\/45a6e13941cc659682a1a78157b737bada141600.webp 360w\" sizes=\"(max-width: 230px) 100vw, 230px\" \/><h2 class=\"woocommerce-loop-product__title\">Remorque Frigorifique ARTHUR 1<\/h2>\n<\/a><a data-pid=\"2643\" class=\"shopengine_add_to_list_action shopengine-wishlist badge se-btn inactive\" href=\"#\" ><i class=\"shopengine-icon-add_to_favourite_1\"><\/i><\/a><a title='Aper\u00e7u rapide' class='shopengine-quickview-trigger se-btn'\n\t\t\t\t\tdata-source-url='https:\/\/vitrineshop-remorquerefrigeree.fr\/product\/remorque-frigorifique-arthur-1\/'\n\t\t\t\t\thref='https:\/\/vitrineshop-remorquerefrigeree.fr\/product\/remorque-frigorifique-arthur-1\/'>\n\t\t\t\t\t<i class=\"shopengine-icon-quick_view_1\"><\/i>\n\t\t\t\t<\/a><a href=\"https:\/\/vitrineshop-remorquerefrigeree.fr\/product\/remorque-frigorifique-arthur-1\/\" aria-describedby=\"woocommerce_loop_add_to_cart_link_describedby_2643\" data-quantity=\"1\" class=\"button product_type_simple\" data-product_id=\"2643\" data-product_sku=\"\" aria-label=\"En savoir plus sur &ldquo;Remorque Frigorifique ARTHUR 1&rdquo;\" rel=\"nofollow\" data-success_message=\"\">Lire la suite<\/a><a data-payload='{\"pid\":2643}' class=\"shopengine_comparison_add_to_list_action shopengine-comparison badge se-btn inactive\"> <i class=\"shopengine-icon-product_compare_1\"><\/i> <\/a>\t<span id=\"woocommerce_loop_add_to_cart_link_describedby_2643\" class=\"screen-reader-text\">\n\t\t\t<\/span>\n<\/li>\n<\/ul>\n<\/div>\t\t\t\t<\/div>\n\t\t\t\t<\/div>\n\t\t\t\t\t<\/div>\n\t\t<\/div>\n\t\t\t\t\t<\/div>\n\t\t<\/section>\n\t\t\t\t<section class=\"elementor-section elementor-top-section elementor-element elementor-element-d9bc7d7 elementor-section-content-middle elementor-section-stretched elementor-section-height-min-height elementor-section-boxed elementor-section-height-default elementor-section-items-middle\" data-id=\"d9bc7d7\" data-element_type=\"section\" data-e-type=\"section\" data-settings=\"{&quot;stretch_section&quot;:&quot;section-stretched&quot;,&quot;background_background&quot;:&quot;classic&quot;}\">\n\t\t\t\t\t\t\t<div class=\"elementor-background-overlay\"><\/div>\n\t\t\t\t\t\t\t<div class=\"elementor-container elementor-column-gap-default\">\n\t\t\t\t\t<div class=\"elementor-column elementor-col-100 elementor-top-column elementor-element elementor-element-4b5a7a07\" data-id=\"4b5a7a07\" data-element_type=\"column\" data-e-type=\"column\">\n\t\t\t<div class=\"elementor-widget-wrap elementor-element-populated\">\n\t\t\t\t\t\t<div class=\"elementor-element elementor-element-27614e62 elementor-invisible elementor-widget elementor-widget-heading\" data-id=\"27614e62\" data-element_type=\"widget\" data-e-type=\"widget\" data-settings=\"{&quot;_animation&quot;:&quot;fadeInDown&quot;}\" data-widget_type=\"heading.default\">\n\t\t\t\t<div class=\"elementor-widget-container\">\n\t\t\t\t\t<span class=\"elementor-heading-title elementor-size-default\">Contactez-nous d\u00e8s maintenant<\/span>\t\t\t\t<\/div>\n\t\t\t\t<\/div>\n\t\t\t\t<div class=\"elementor-element elementor-element-56b129f6 elementor-widget-divider--view-line elementor-widget elementor-widget-divider\" data-id=\"56b129f6\" data-element_type=\"widget\" data-e-type=\"widget\" data-widget_type=\"divider.default\">\n\t\t\t\t<div class=\"elementor-widget-container\">\n\t\t\t\t\t\t\t<div class=\"elementor-divider\">\n\t\t\t<span class=\"elementor-divider-separator\">\n\t\t\t\t\t\t<\/span>\n\t\t<\/div>\n\t\t\t\t\t\t<\/div>\n\t\t\t\t<\/div>\n\t\t\t\t<div class=\"elementor-element elementor-element-75a14bb7 elementor-widget elementor-widget-text-editor\" data-id=\"75a14bb7\" data-element_type=\"widget\" data-e-type=\"widget\" data-widget_type=\"text-editor.default\">\n\t\t\t\t<div class=\"elementor-widget-container\">\n\t\t\t\t\t\t\t\t\t<p>Pour plus de renseignements sur le service de fabrication et de vente de remorques frigorifiques, appelez l\u2019entreprise Vitrine Shop au <strong><a href=\"tel:0641992971\">06.41.99.29.71<\/a><\/strong>.<\/p>\t\t\t\t\t\t\t\t<\/div>\n\t\t\t\t<\/div>\n\t\t\t\t\t<\/div>\n\t\t<\/div>\n\t\t\t\t\t<\/div>\n\t\t<\/section>\n\t\t\t\t<\/div>\n\t\t","protected":false},"excerpt":{"rendered":"<p>Conception de remorque frigorifique Vitrine Shop est un fabricant fran\u00e7ais de remorques frigorifiques, de toutes tailles et de toutes capacit\u00e9s. Que vous soyez restaurateur, m\u00e9tier de bouche, traiteur, transporteur sp\u00e9cialis\u00e9 ou grossiste alimentaire, nos remorques sont con\u00e7ues pour vous apporter de la s\u00e9r\u00e9nit\u00e9 dans vos d\u00e9placements et votre stockage. Des [&hellip;]<\/p>\n","protected":false},"author":38,"featured_media":0,"parent":0,"menu_order":0,"comment_status":"closed","ping_status":"closed","template":"","meta":{"footnotes":""},"class_list":["post-1960","page","type-page","status-publish","hentry"],"aioseo_notices":[],"_links":{"self":[{"href":"https:\/\/vitrineshop-remorquerefrigeree.fr\/nov-apijson\/wp\/v2\/pages\/1960","targetHints":{"allow":["GET"]}}],"collection":[{"href":"https:\/\/vitrineshop-remorquerefrigeree.fr\/nov-apijson\/wp\/v2\/pages"}],"about":[{"href":"https:\/\/vitrineshop-remorquerefrigeree.fr\/nov-apijson\/wp\/v2\/types\/page"}],"author":[{"embeddable":true,"href":"https:\/\/vitrineshop-remorquerefrigeree.fr\/nov-apijson\/wp\/v2\/users\/38"}],"replies":[{"embeddable":true,"href":"https:\/\/vitrineshop-remorquerefrigeree.fr\/nov-apijson\/wp\/v2\/comments?post=1960"}],"version-history":[{"count":50,"href":"https:\/\/vitrineshop-remorquerefrigeree.fr\/nov-apijson\/wp\/v2\/pages\/1960\/revisions"}],"predecessor-version":[{"id":2753,"href":"https:\/\/vitrineshop-remorquerefrigeree.fr\/nov-apijson\/wp\/v2\/pages\/1960\/revisions\/2753"}],"wp:attachment":[{"href":"https:\/\/vitrineshop-remorquerefrigeree.fr\/nov-apijson\/wp\/v2\/media?parent=1960"}],"curies":[{"name":"wp","href":"https:\/\/api.w.org\/{rel}","templated":true}]}}